{"id":52,"date":"2020-03-23T11:45:31","date_gmt":"2020-03-23T09:45:31","guid":{"rendered":"https:\/\/themes.muffingroup.com\/be\/event5\/?page_id=11"},"modified":"2026-04-17T04:03:33","modified_gmt":"2026-04-17T01:03:33","slug":"despre-noi","status":"publish","type":"page","link":"https:\/\/consiliulelevilor.ro\/hu\/despre-noi\/","title":{"rendered":"Despre"},"content":{"rendered":"<div data-elementor-type=\"wp-page\" data-elementor-id=\"52\" class=\"elementor elementor-52\" data-elementor-post-type=\"page\">\n\t\t\t\t\t\t<section class=\"elementor-section elementor-top-section elementor-element elementor-element-bcbf633 elementor-section-stretched elementor-section-content-middle elementor-section-boxed elementor-section-height-default elementor-section-height-default\" data-id=\"bcbf633\" data-element_type=\"section\" data-settings=\"{&quot;stretch_section&quot;:&quot;section-stretched&quot;,&quot;background_background&quot;:&quot;classic&quot;}\">\n\t\t\t\t\t\t<div class=\"elementor-container elementor-column-gap-wider\">\n\t\t\t\t\t<div class=\"elementor-column elementor-col-50 elementor-top-column elementor-element elementor-element-7191aa2\" data-id=\"7191aa2\" data-element_type=\"column\">\n\t\t\t<div class=\"elementor-widget-wrap elementor-element-populated\">\n\t\t\t\t\t\t<div class=\"elementor-element elementor-element-2a657b6 elementor-widget elementor-widget-text-editor\" data-id=\"2a657b6\" data-element_type=\"widget\" data-widget_type=\"text-editor.default\">\n\t\t\t\t<div class=\"elementor-widget-container\">\n\t\t\t\t\t\t\t<h2>Ismerje meg a <span class=\"themecolor\">minket<\/span>!<\/h2>\t\t\t\t\t\t<\/div>\n\t\t\t\t<\/div>\n\t\t\t\t\t<\/div>\n\t\t<\/div>\n\t\t\t\t<div class=\"elementor-column elementor-col-50 elementor-top-column elementor-element elementor-element-0cbedb8\" data-id=\"0cbedb8\" data-element_type=\"column\">\n\t\t\t<div class=\"elementor-widget-wrap elementor-element-populated\">\n\t\t\t\t\t\t<div class=\"elementor-element elementor-element-3bada93 elementor-widget elementor-widget-image\" data-id=\"3bada93\" data-element_type=\"widget\" data-widget_type=\"image.default\">\n\t\t\t\t<div class=\"elementor-widget-container\">\n\t\t\t\t\t\t\t\t\t\t\t\t\t<img fetchpriority=\"high\" decoding=\"async\" width=\"960\" height=\"639\" src=\"https:\/\/consiliulelevilor.ro\/wp-content\/uploads\/2021\/02\/cnee.jpg\" class=\"attachment-large size-large wp-image-406\" alt=\"\" srcset=\"https:\/\/consiliulelevilor.ro\/wp-content\/uploads\/2021\/02\/cnee.jpg 960w, https:\/\/consiliulelevilor.ro\/wp-content\/uploads\/2021\/02\/cnee-300x200.jpg 300w, https:\/\/consiliulelevilor.ro\/wp-content\/uploads\/2021\/02\/cnee-768x511.jpg 768w, https:\/\/consiliulelevilor.ro\/wp-content\/uploads\/2021\/02\/cnee-219x146.jpg 219w, https:\/\/consiliulelevilor.ro\/wp-content\/uploads\/2021\/02\/cnee-50x33.jpg 50w, https:\/\/consiliulelevilor.ro\/wp-content\/uploads\/2021\/02\/cnee-113x75.jpg 113w\" sizes=\"(max-width: 960px) 100vw, 960px\" \/>\t\t\t\t\t\t\t\t\t\t\t\t\t<\/div>\n\t\t\t\t<\/div>\n\t\t\t\t\t<\/div>\n\t\t<\/div>\n\t\t\t\t\t<\/div>\n\t\t<\/section>\n\t\t\t\t<section class=\"elementor-section elementor-top-section elementor-element elementor-element-df8b410 elementor-section-boxed elementor-section-height-default elementor-section-height-default\" data-id=\"df8b410\" data-element_type=\"section\">\n\t\t\t\t\t\t<div class=\"elementor-container elementor-column-gap-default\">\n\t\t\t\t\t<div class=\"elementor-column elementor-col-100 elementor-top-column elementor-element elementor-element-4ab5343\" data-id=\"4ab5343\" data-element_type=\"column\">\n\t\t\t<div class=\"elementor-widget-wrap elementor-element-populated\">\n\t\t\t\t\t\t<div class=\"elementor-element elementor-element-18ae384 elementor-widget-divider--view-line elementor-widget elementor-widget-divider\" data-id=\"18ae384\" data-element_type=\"widget\" data-widget_type=\"divider.default\">\n\t\t\t\t<div class=\"elementor-widget-container\">\n\t\t\t\t\t<div class=\"elementor-divider\">\n\t\t\t<span class=\"elementor-divider-separator\">\n\t\t\t\t\t\t<\/span>\n\t\t<\/div>\n\t\t\t\t<\/div>\n\t\t\t\t<\/div>\n\t\t\t\t<div class=\"elementor-element elementor-element-8d5b221 elementor-view-default elementor-widget elementor-widget-icon\" data-id=\"8d5b221\" data-element_type=\"widget\" data-widget_type=\"icon.default\">\n\t\t\t\t<div class=\"elementor-widget-container\">\n\t\t\t\t\t<div class=\"elementor-icon-wrapper\">\n\t\t\t<div class=\"elementor-icon\">\n\t\t\t<i aria-hidden=\"true\" class=\"fas fa-clock\"><\/i>\t\t\t<\/div>\n\t\t<\/div>\n\t\t\t\t<\/div>\n\t\t\t\t<\/div>\n\t\t\t\t<div class=\"elementor-element elementor-element-aa613ea elementor--h-position-center elementor--v-position-middle elementor-arrows-position-inside elementor-pagination-position-inside elementor-widget elementor-widget-slides\" data-id=\"aa613ea\" data-element_type=\"widget\" data-settings=\"{&quot;transition&quot;:&quot;fade&quot;,&quot;navigation&quot;:&quot;both&quot;,&quot;infinite&quot;:&quot;yes&quot;,&quot;transition_speed&quot;:500}\" data-widget_type=\"slides.default\">\n\t\t\t\t<div class=\"elementor-widget-container\">\n\t\t\t\t\t<div class=\"elementor-swiper\">\n\t\t\t<div class=\"elementor-slides-wrapper elementor-main-swiper swiper\" dir=\"ltr\" data-animation=\"fadeInRight\">\n\t\t\t\t<div class=\"swiper-wrapper elementor-slides\">\n\t\t\t\t\t\t\t\t\t\t<div class=\"elementor-repeater-item-b0fa3ee swiper-slide\"><div class=\"swiper-slide-bg\" role=\"img\"><\/div><div class=\"swiper-slide-inner\" ><div class=\"swiper-slide-contents\"><div class=\"elementor-slide-heading\">Hogyan kezd\u0151d\u00f6tt az eg\u00e9sz?<\/div><div class=\"elementor-slide-description\">A t\u00f6rt\u00e9nelem, m\u00e9g ha m\u00faltb\u00e9li pillanatokat id\u00e9z is, \u00e9letet \u00e9s gazdag t\u00f6rt\u00e9nelmet lehel a term\u00e9keny jelen alapjaira. A k\u00e9pviselet t\u00f6rt\u00e9nete teh\u00e1t 1991-ben kezd\u0151dik, amikor megalakultak az els\u0151 iskolai di\u00e1k\u00f6nkorm\u00e1nyzatok. Az els\u0151 megyei di\u00e1ktan\u00e1cs az \u00faj \u00e9vezred elej\u00e9n, 1999-ben Dambovic\u00e1n alakult meg. H\u00e1rom \u00e9vvel k\u00e9s\u0151bb, 2002-ben Kolozs megy\u00e9ben alakult meg az els\u0151, kiz\u00e1r\u00f3lag di\u00e1kok \u00e1ltal koordin\u00e1lt megyei di\u00e1ktan\u00e1cs.\n\nMindezen helyi di\u00e1kmozgalmak eredm\u00e9nyek\u00e9nt \u00fajabb 4 \u00e9vvel k\u00e9s\u0151bb, 2006-ban l\u00e9trej\u00f6tt az Orsz\u00e1gos Di\u00e1ktan\u00e1cs, amely 18 megy\u00e9t t\u00f6m\u00f6r\u00edtett. Ekkor fogadt\u00e1k el az els\u0151 ROF - a CNE szervezeti \u00e9s m\u0171k\u00f6d\u00e9si szab\u00e1lyzat\u00e1t. Vicces \u00e9s jelent\u0151s t\u00e9ny, hogy ezeknek a di\u00e1koknak az els\u0151 k\u00f6zgy\u0171l\u00e9se egy aut\u00f3buszban kezd\u0151d\u00f6tt, a V\u00e2lcea megyei C\u0103ciulat\u00e1ban. A K\u00f6zgy\u0171l\u00e9s a Di\u00e1kok Tan\u00e1cs\u00e1nak tan\u00e1cskoz\u00f3 strukt\u00far\u00e1ja \u00e9s legf\u0151bb d\u00f6nt\u00e9shoz\u00f3 szerve minden szinten.\n\n\n<\/div><\/div><\/div><\/div><div class=\"elementor-repeater-item-771a944 swiper-slide\"><div class=\"swiper-slide-bg\" role=\"img\"><\/div><div class=\"swiper-slide-inner\" ><div class=\"swiper-slide-contents\"><div class=\"elementor-slide-heading\">Egy \u00faj szakasz<\/div><div class=\"elementor-slide-description\">A Nemzeti Tan\u00e1cs els\u0151 l\u00e9p\u00e9sei nehezen indultak, 2006-2009 k\u00f6z\u00f6tt az Oktat\u00e1si Miniszt\u00e9rium k\u00f6zvetlen koordin\u00e1ci\u00f3ja jellemezte \u0151ket. A CNE tiszts\u00e9gekre jel\u00f6lteket az iskolai fel\u00fcgyel\u0151k bizotts\u00e1ga v\u00e1lasztotta ki, a k\u00f6zgy\u0171l\u00e9sekre j\u00e1r\u00f3 di\u00e1kokat az \u00e1ltal\u00e1nos iskolai fel\u00fcgyel\u0151k v\u00e1lasztott\u00e1k ki, \u00e9s a Tan\u00e1cs minden d\u00f6nt\u00e9s\u00e9t, legyen az megyei vagy orsz\u00e1gos, a fel\u00fcgyel\u0151s\u00e9g vagy a miniszt\u00e9rium v\u00e9lem\u00e9ny\u00e9nek kellett megismernie.\nJobb id\u0151k k\u00f6vetkeztek 2010-ben, amikor D\u00e9v\u00e1n ker\u00fclt sor a rendes k\u00f6zgy\u0171l\u00e9sre, ahol megjelent az Orsz\u00e1gos Di\u00e1ktan\u00e1cs m\u00e1sodik ROF-ja.\n\nNagyon fontos pontos\u00edt\u00e1s, hogy mostant\u00f3l minden megy\u00e9ben megalakul a megyei di\u00e1ktan\u00e1cs. A fejl\u0151d\u00e9s\u00fck el\u0151seg\u00edt\u00e9se \u00e9rdek\u00e9ben pedig 8 region\u00e1lis di\u00e1ktan\u00e1csot hoztak l\u00e9tre. Mindezek az eredm\u00e9nyek f\u00fcggetlen\u00edtett\u00e9k a CNE-t az Oktat\u00e1si Miniszt\u00e9riumt\u00f3l. Ez azonban csak egy pap\u00edrra nyomtatott rendelet maradt. T\u00f6bb gener\u00e1ci\u00f3nak kellett eltelnie ahhoz, hogy val\u00f3ban kiharcolj\u00e1k a miniszt\u00e9riumt\u00f3l val\u00f3 d\u00f6nt\u00e9si \u00e9s t\u00e9nybeli f\u00fcggetlens\u00e9get.<\/div><\/div><\/div><\/div><div class=\"elementor-repeater-item-9b5dcac swiper-slide\"><div class=\"swiper-slide-bg\" role=\"img\"><\/div><div class=\"swiper-slide-inner\" ><div class=\"swiper-slide-contents\"><div class=\"elementor-slide-heading\">A szerkezet fokozatosan er\u0151s\u00f6dik<\/div><div class=\"elementor-slide-description\">\u00dajabb 5 \u00e9v telik el, \u00e9s 2015-ben, Buz\u0103uban tal\u00e1ljuk magunkat, ahol a CNE rendk\u00edv\u00fcli k\u00f6zgy\u0171l\u00e9s\u00e9re ker\u00fcl sor, \u00e9s elfogadj\u00e1k a CNE szervezeti \u00e9s m\u0171k\u00f6d\u00e9si szab\u00e1lyzat\u00e1nak harmadik, jelenlegi v\u00e1ltozat\u00e1t. Ez\u00fattal a region\u00e1lis di\u00e1ktan\u00e1csok megsz\u0171nnek, mivel \u00fagy \u00edt\u00e9lik meg, hogy c\u00e9ljukat el\u00e9rt\u00e9k, \u00e9s a CNE el\u00e9rte a sz\u00fcks\u00e9ges \u00e9retts\u00e9get ahhoz, hogy hat\u00e9konyan ir\u00e1ny\u00edtsa strukt\u00far\u00e1it a ter\u00fcleten. Ugyanakkor l\u00e9trehozz\u00e1k a Nemzeti Etikai Bizotts\u00e1got, amely fel\u00fcgyeli \u00e9s tan\u00e1csokkal l\u00e1tja el az \u00f6sszes tan\u00e1csi strukt\u00far\u00e1t. Ezen fel\u00fcl a CNE id\u00e9n teljes jog\u00fa tagja lesz az OBESSU-nak - az eur\u00f3pai szint\u0171 di\u00e1kokat k\u00e9pvisel\u0151 szervezetnek -, ami magasabb szintre emeli a rom\u00e1niai k\u00e9pviseletet, \u00e9s h\u00edrnevet szerez.<\/div><\/div><\/div><\/div><div class=\"elementor-repeater-item-174eb38 swiper-slide\"><div class=\"swiper-slide-bg\" role=\"img\"><\/div><div class=\"swiper-slide-inner\" ><div class=\"swiper-slide-contents\"><div class=\"elementor-slide-heading\">A Di\u00e1kok Nemzeti Tan\u00e1csa ma<\/div><div class=\"elementor-slide-description\">Mindezen l\u00e1that\u00f3 el\u0151rel\u00e9p\u00e9sek ut\u00e1n, amelyek az NEK megalakul\u00e1sa \u00f3ta \u00e9s a d\u00f6nt\u00e9si \u00f6n\u00e1ll\u00f3s\u00e1g megszerz\u00e9s\u00e9ig, a buszt\u00f3l az EKE l\u00e9tez\u00e9s\u00e9ig minden megy\u00e9ben, a k\u00edv\u00e1ns\u00e1gokt\u00f3l az eredm\u00e9nyekig, a Di\u00e1kok Orsz\u00e1gos Tan\u00e1csa 2019 febru\u00e1rj\u00e1ban \u00fcnnepli 13 \u00e9ves fenn\u00e1ll\u00e1s\u00e1t a Foc\u0219ani-ban tartott rendes k\u00f6zgy\u0171l\u00e9sen.\n\n\u00c9s \u00edgy alakult a rom\u00e1niai di\u00e1kokat k\u00e9pvisel\u0151 strukt\u00fara t\u00f6rt\u00e9nete. Volt 13 gener\u00e1ci\u00f3, 13 eln\u00f6k \u00e9s 29 k\u00f6zgy\u0171l\u00e9s. Az eredm\u00e9nyek ma is l\u00e1that\u00f3k: a Tanul\u00f3i Stat\u00fatum kiad\u00e1sa, ingyenes tank\u00f6nyvek minden di\u00e1k sz\u00e1m\u00e1ra, ingyenes ing\u00e1z\u00e1s a di\u00e1koknak. A di\u00e1kok is elkezdtek hinni, pr\u00f3b\u00e1lkozni, k\u00fczdeni, sikereket el\u00e9rni. Koll\u00e9g\u00e1ink hangja egyre er\u0151sebb, \u00e9s ami m\u00e9g fontosabb, hogy az Oktat\u00e1si Miniszt\u00e9rium \u00e9s m\u00e1s d\u00f6nt\u00e9shoz\u00f3 strukt\u00far\u00e1k egyre jobban meghallj\u00e1k \u00e9s meg\u00e9rtik.\nElnyert d\u00edjak\n2012. m\u00e1jus 4.\n\nTiszteletbeli c\u00edm a t\u00e1rsadalom fejl\u0151d\u00e9s\u00e9hez val\u00f3 kiemelked\u0151 hozz\u00e1j\u00e1rul\u00e1s\u00e9rt, Rom\u00e1nia R\u00e1di\u00f3 D\u00edj\u00e1tad\u00f3 G\u00e1la\n2017. m\u00e1jus\n\n\u0150 Kir\u00e1lyi Fels\u00e9ge, Margar\u00e9ta koronahercegn\u0151 f\u0151v\u00e9dn\u00f6ks\u00e9ge.\n2019. m\u00e1rcius 17.\n\nReality Check-d\u00edj, K\u00f6zrem\u0171k\u00f6d\u00e9s a nyilv\u00e1noss\u00e1gban d\u00edj\u00e1tad\u00f3 g\u00e1la<\/div><\/div><\/div><\/div>\t\t\t\t<\/div>\n\t\t\t\t\t\t\t\t\t\t\t\t\t\t\t<div class=\"swiper-pagination\"><\/div>\n\t\t\t\t\t\t\t\t\t\t\t\t\t\t\t\t<div class=\"elementor-swiper-button elementor-swiper-button-prev\" role=\"button\" tabindex=\"0\">\n\t\t\t\t\t\t\t<i aria-hidden=\"true\" class=\"eicon-chevron-left\"><\/i>\t\t\t\t\t\t\t<span class=\"elementor-screen-only\">Previous slide<\/span>\n\t\t\t\t\t\t<\/div>\n\t\t\t\t\t\t<div class=\"elementor-swiper-button elementor-swiper-button-next\" role=\"button\" tabindex=\"0\">\n\t\t\t\t\t\t\t<i aria-hidden=\"true\" class=\"eicon-chevron-right\"><\/i>\t\t\t\t\t\t\t<span class=\"elementor-screen-only\">Next slide<\/span>\n\t\t\t\t\t\t<\/div>\n\t\t\t\t\t\t\t\t\t\t\t\t<\/div>\n\t\t<\/div>\n\t\t\t\t<\/div>\n\t\t\t\t<\/div>\n\t\t\t\t\t<\/div>\n\t\t<\/div>\n\t\t\t\t\t<\/div>\n\t\t<\/section>\n\t\t\t\t<section class=\"elementor-section elementor-top-section elementor-element elementor-element-fcb69b1 elementor-section-boxed elementor-section-height-default elementor-section-height-default\" data-id=\"fcb69b1\" data-element_type=\"section\">\n\t\t\t\t\t\t<div class=\"elementor-container elementor-column-gap-default\">\n\t\t\t\t\t<div class=\"elementor-column elementor-col-100 elementor-top-column elementor-element elementor-element-abc1001\" data-id=\"abc1001\" data-element_type=\"column\">\n\t\t\t<div class=\"elementor-widget-wrap elementor-element-populated\">\n\t\t\t\t\t\t<div class=\"elementor-element elementor-element-65bab72 elementor-widget-divider--view-line elementor-widget elementor-widget-divider\" data-id=\"65bab72\" data-element_type=\"widget\" data-widget_type=\"divider.default\">\n\t\t\t\t<div class=\"elementor-widget-container\">\n\t\t\t\t\t<div class=\"elementor-divider\">\n\t\t\t<span class=\"elementor-divider-separator\">\n\t\t\t\t\t\t<\/span>\n\t\t<\/div>\n\t\t\t\t<\/div>\n\t\t\t\t<\/div>\n\t\t\t\t<div class=\"elementor-element elementor-element-3d02078 elementor-view-default elementor-widget elementor-widget-icon\" data-id=\"3d02078\" data-element_type=\"widget\" data-widget_type=\"icon.default\">\n\t\t\t\t<div class=\"elementor-widget-container\">\n\t\t\t\t\t<div class=\"elementor-icon-wrapper\">\n\t\t\t<div class=\"elementor-icon\">\n\t\t\t<i aria-hidden=\"true\" class=\"fas fa-lightbulb\"><\/i>\t\t\t<\/div>\n\t\t<\/div>\n\t\t\t\t<\/div>\n\t\t\t\t<\/div>\n\t\t\t\t<div class=\"elementor-element elementor-element-ba79be7 elementor-widget elementor-widget-text-editor\" data-id=\"ba79be7\" data-element_type=\"widget\" data-widget_type=\"text-editor.default\">\n\t\t\t\t<div class=\"elementor-widget-container\">\n\t\t\t\t\t\t\t<h2 style=\"text-align: center;\" class=\" translation-block\"><span class=\"themecolor\">Misiunea<\/span> noastr\u0103<\/h2>\t\t\t\t\t\t<\/div>\n\t\t\t\t<\/div>\n\t\t\t\t<div class=\"elementor-element elementor-element-7ecae22 elementor-widget elementor-widget-toggle\" data-id=\"7ecae22\" data-element_type=\"widget\" data-widget_type=\"toggle.default\">\n\t\t\t\t<div class=\"elementor-widget-container\">\n\t\t\t\t\t<div class=\"elementor-toggle\">\n\t\t\t\t\t\t\t<div class=\"elementor-toggle-item\">\n\t\t\t\t\t<div id=\"elementor-tab-title-1321\" class=\"elementor-tab-title\" data-tab=\"1\" role=\"button\" aria-controls=\"elementor-tab-content-1321\" aria-expanded=\"false\">\n\t\t\t\t\t\t\t\t\t\t\t\t<span class=\"elementor-toggle-icon elementor-toggle-icon-left\" aria-hidden=\"true\">\n\t\t\t\t\t\t\t\t\t\t\t\t\t\t\t<span class=\"elementor-toggle-icon-closed\"><i class=\"fas fa-caret-right\"><\/i><\/span>\n\t\t\t\t\t\t\t\t<span class=\"elementor-toggle-icon-opened\"><i class=\"elementor-toggle-icon-opened fas fa-caret-up\"><\/i><\/span>\n\t\t\t\t\t\t\t\t\t\t\t\t\t<\/span>\n\t\t\t\t\t\t\t\t\t\t\t\t<a class=\"elementor-toggle-title\" tabindex=\"0\">A tanul\u00f3k mint a rom\u00e1niai oktat\u00e1si rendszer f\u0151 haszon\u00e9lvez\u0151inek k\u00e9pviselete<\/a>\n\t\t\t\t\t<\/div>\n\n\t\t\t\t\t<div id=\"elementor-tab-content-1321\" class=\"elementor-tab-content elementor-clearfix\" data-tab=\"1\" role=\"region\" aria-labelledby=\"elementor-tab-title-1321\"><p>Legea \u00cenv\u0103\u021b\u0103m\u00e2ntului Preuniversitar nr. 198\/2023 stipuleaz\u0103 clar faptul c\u0103 elevii reprezint\u0103 beneficiarii primari ai tuturor programelor \u0219i m\u0103surilor din sfera \u00eenv\u0103\u021b\u0103m\u00e2ntului preuniversitar din Rom\u00e2nia. \u00cen acest context, rolul nostru este de a ne asigura c\u0103 ac\u021biunile deciden\u021bilor urm\u0103resc \u00een mod primordial interesele legitime ale elevilor.<\/p><\/div>\n\t\t\t\t<\/div>\n\t\t\t\t\t\t\t<div class=\"elementor-toggle-item\">\n\t\t\t\t\t<div id=\"elementor-tab-title-1322\" class=\"elementor-tab-title\" data-tab=\"2\" role=\"button\" aria-controls=\"elementor-tab-content-1322\" aria-expanded=\"false\">\n\t\t\t\t\t\t\t\t\t\t\t\t<span class=\"elementor-toggle-icon elementor-toggle-icon-left\" aria-hidden=\"true\">\n\t\t\t\t\t\t\t\t\t\t\t\t\t\t\t<span class=\"elementor-toggle-icon-closed\"><i class=\"fas fa-caret-right\"><\/i><\/span>\n\t\t\t\t\t\t\t\t<span class=\"elementor-toggle-icon-opened\"><i class=\"elementor-toggle-icon-opened fas fa-caret-up\"><\/i><\/span>\n\t\t\t\t\t\t\t\t\t\t\t\t\t<\/span>\n\t\t\t\t\t\t\t\t\t\t\t\t<a class=\"elementor-toggle-title\" tabindex=\"0\">A di\u00e1kok akt\u00edv r\u00e9szv\u00e9tele az \u0151ket \u00e9rint\u0151 k\u00e9rd\u00e9sekkel kapcsolatos d\u00f6nt\u00e9shozatali folyamatban<\/a>\n\t\t\t\t\t<\/div>\n\n\t\t\t\t\t<div id=\"elementor-tab-content-1322\" class=\"elementor-tab-content elementor-clearfix\" data-tab=\"2\" role=\"region\" aria-labelledby=\"elementor-tab-title-1322\"><p>T\u00e1mogatjuk a di\u00e1kok bevon\u00e1s\u00e1t a legfontosabb vitaf\u00f3rumokba iskolai, megyei \u00e9s orsz\u00e1gos szinten, hogy az illet\u00e9kesek \u00e1ltal hozott d\u00f6nt\u00e9sek az els\u0151dleges kedvezm\u00e9nyezettek ig\u00e9nyeihez \u00e9s \u00e9rdekeihez igazodjanak. Abb\u00f3l kiindulva, hogy az oktat\u00e1si rendszer k\u00f6z\u00e9ppontj\u00e1ban a tanul\u00f3k \u00e1llnak, azon dolgozunk, hogy az \u0151ket \u00e9rint\u0151 probl\u00e9m\u00e1k mindig a nyilv\u00e1noss\u00e1g napirendj\u00e9n szerepeljenek, \u00e9s hogy a megfelel\u0151 int\u00e9zked\u00e9seket csak a vel\u00fck val\u00f3 konzult\u00e1ci\u00f3t k\u00f6vet\u0151en hozz\u00e1k meg.<\/p><\/div>\n\t\t\t\t<\/div>\n\t\t\t\t\t\t\t<div class=\"elementor-toggle-item\">\n\t\t\t\t\t<div id=\"elementor-tab-title-1323\" class=\"elementor-tab-title\" data-tab=\"3\" role=\"button\" aria-controls=\"elementor-tab-content-1323\" aria-expanded=\"false\">\n\t\t\t\t\t\t\t\t\t\t\t\t<span class=\"elementor-toggle-icon elementor-toggle-icon-left\" aria-hidden=\"true\">\n\t\t\t\t\t\t\t\t\t\t\t\t\t\t\t<span class=\"elementor-toggle-icon-closed\"><i class=\"fas fa-caret-right\"><\/i><\/span>\n\t\t\t\t\t\t\t\t<span class=\"elementor-toggle-icon-opened\"><i class=\"elementor-toggle-icon-opened fas fa-caret-up\"><\/i><\/span>\n\t\t\t\t\t\t\t\t\t\t\t\t\t<\/span>\n\t\t\t\t\t\t\t\t\t\t\t\t<a class=\"elementor-toggle-title\" tabindex=\"0\">A tanul\u00f3k jogainak tiszteletben tart\u00e1s\u00e1nak ellen\u0151rz\u00e9se<\/a>\n\t\t\t\t\t<\/div>\n\n\t\t\t\t\t<div id=\"elementor-tab-content-1323\" class=\"elementor-tab-content elementor-clearfix\" data-tab=\"3\" role=\"region\" aria-labelledby=\"elementor-tab-title-1323\"><p>A di\u00e1k\u00f6nkorm\u00e1nyzat hat\u00f3k\u00f6r\u00e9t a megyei szinten a megyei di\u00e1k\u00f6nkorm\u00e1nyzatokon kereszt\u00fcl a ter\u00fcletre is kiterjeszti, valamint iskolai szinten, ahol az iskolai di\u00e1k\u00f6nkorm\u00e1nyzatok \u00fcl\u00e9seznek. B\u00e1r l\u00e9tezik egy jogszab\u00e1lyi keret, amely egy\u00e9rtelm\u0171en szab\u00e1lyozza a tanul\u00f3kat megillet\u0151 jogokat, ezeket m\u00e9g mindig megs\u00e9rtik. Az ing\u00e1z\u00e1si probl\u00e9m\u00e1kt\u00f3l \u00e9s az oktat\u00e1si int\u00e9zm\u00e9nyekben uralkod\u00f3 rossz k\u00f6r\u00fclm\u00e9nyekt\u0151l kezdve a tantermi vissza\u00e9l\u00e9sekig: a hi\u00e1nyz\u00e1si nyilv\u00e1ntart\u00e1s mint k\u00e9nyszer\u00edt\u0151 eszk\u00f6z, a szubjekt\u00edv oszt\u00e1lyoz\u00e1s, a zaklat\u00e1s - az\u00e9rt vagyunk itt, hogy fell\u00e9pj\u00fcnk az iskolai k\u00f6rnyezetben tapasztalhat\u00f3 tisztess\u00e9gtelen gyakorlatok ellen.<\/p><\/div>\n\t\t\t\t<\/div>\n\t\t\t\t\t\t\t<div class=\"elementor-toggle-item\">\n\t\t\t\t\t<div id=\"elementor-tab-title-1324\" class=\"elementor-tab-title\" data-tab=\"4\" role=\"button\" aria-controls=\"elementor-tab-content-1324\" aria-expanded=\"false\">\n\t\t\t\t\t\t\t\t\t\t\t\t<span class=\"elementor-toggle-icon elementor-toggle-icon-left\" aria-hidden=\"true\">\n\t\t\t\t\t\t\t\t\t\t\t\t\t\t\t<span class=\"elementor-toggle-icon-closed\"><i class=\"fas fa-caret-right\"><\/i><\/span>\n\t\t\t\t\t\t\t\t<span class=\"elementor-toggle-icon-opened\"><i class=\"elementor-toggle-icon-opened fas fa-caret-up\"><\/i><\/span>\n\t\t\t\t\t\t\t\t\t\t\t\t\t<\/span>\n\t\t\t\t\t\t\t\t\t\t\t\t<a class=\"elementor-toggle-title\" tabindex=\"0\">A tapasztalatok \u00e9s a bev\u00e1lt gyakorlatok cser\u00e9j\u00e9nek \u00f6szt\u00f6nz\u00e9se<\/a>\n\t\t\t\t\t<\/div>\n\n\t\t\t\t\t<div id=\"elementor-tab-content-1324\" class=\"elementor-tab-content elementor-clearfix\" data-tab=\"4\" role=\"region\" aria-labelledby=\"elementor-tab-title-1324\"><p>B\u00e1r sz\u00e1mos hi\u00e1nyoss\u00e1ga van, az oktat\u00e1si rendszer tele van olyan emberekkel, legyenek azok di\u00e1kok, tan\u00e1rok, sz\u00fcl\u0151k vagy a min\u0151s\u00e9gi inkluz\u00edv oktat\u00e1s\u00e9rt k\u00fczd\u0151 aktivist\u00e1k, akik igyekeznek az iskol\u00e1t olyan k\u00f6rnyezett\u00e9 tenni, amely el\u0151seg\u00edti a di\u00e1kok harmonikus testi \u00e9s szellemi fejl\u0151d\u00e9s\u00e9t. Minden alkalommal, amikor ilyen emberekkel tal\u00e1lkozunk, szeretn\u00e9nk p\u00e9ld\u00e1t mutatni, \u00e9s el\u0151seg\u00edteni az \u00e1ltaluk kezdem\u00e9nyezett j\u00f3 gyakorlatok elterjed\u00e9s\u00e9t.<\/p><\/div>\n\t\t\t\t<\/div>\n\t\t\t\t\t\t\t<div class=\"elementor-toggle-item\">\n\t\t\t\t\t<div id=\"elementor-tab-title-1325\" class=\"elementor-tab-title\" data-tab=\"5\" role=\"button\" aria-controls=\"elementor-tab-content-1325\" aria-expanded=\"false\">\n\t\t\t\t\t\t\t\t\t\t\t\t<span class=\"elementor-toggle-icon elementor-toggle-icon-left\" aria-hidden=\"true\">\n\t\t\t\t\t\t\t\t\t\t\t\t\t\t\t<span class=\"elementor-toggle-icon-closed\"><i class=\"fas fa-caret-right\"><\/i><\/span>\n\t\t\t\t\t\t\t\t<span class=\"elementor-toggle-icon-opened\"><i class=\"elementor-toggle-icon-opened fas fa-caret-up\"><\/i><\/span>\n\t\t\t\t\t\t\t\t\t\t\t\t\t<\/span>\n\t\t\t\t\t\t\t\t\t\t\t\t<a class=\"elementor-toggle-title\" tabindex=\"0\">Az al\u00e9p\u00edtm\u00e9nyeink fejleszt\u00e9s\u00e9nek t\u00e1mogat\u00e1sa<\/a>\n\t\t\t\t\t<\/div>\n\n\t\t\t\t\t<div id=\"elementor-tab-content-1325\" class=\"elementor-tab-content elementor-clearfix\" data-tab=\"5\" role=\"region\" aria-labelledby=\"elementor-tab-title-1325\"><p>A megyei \u00e9s iskolai di\u00e1k\u00f6nkorm\u00e1nyzatok azok a test\u00fcletek, amelyekkel a di\u00e1kok a legk\u00f6nnyebben kapcsolatba ker\u00fclnek, ez\u00e9rt minden alkalommal befektet\u00fcnk a rendelkez\u00e9s\u00fcnkre \u00e1ll\u00f3 emberi er\u0151forr\u00e1sokba, hogy biztos\u00edtsuk a helyi alstrukt\u00far\u00e1k munk\u00e1j\u00e1nak l\u00e1that\u00f3s\u00e1g\u00e1t \u00e9s reprezentativit\u00e1s\u00e1t.<\/p><\/div>\n\t\t\t\t<\/div>\n\t\t\t\t\t\t\t\t<\/div>\n\t\t\t\t<\/div>\n\t\t\t\t<\/div>\n\t\t\t\t<div class=\"elementor-element elementor-element-d4945a5 elementor-widget elementor-widget-spacer\" data-id=\"d4945a5\" data-element_type=\"widget\" data-widget_type=\"spacer.default\">\n\t\t\t\t<div class=\"elementor-widget-container\">\n\t\t\t\t\t<div class=\"elementor-spacer\">\n\t\t\t<div class=\"elementor-spacer-inner\"><\/div>\n\t\t<\/div>\n\t\t\t\t<\/div>\n\t\t\t\t<\/div>\n\t\t\t\t\t<\/div>\n\t\t<\/div>\n\t\t\t\t\t<\/div>\n\t\t<\/section>\n\t\t\t\t<section class=\"elementor-section elementor-top-section elementor-element elementor-element-f49bd9d elementor-section-boxed elementor-section-height-default elementor-section-height-default\" data-id=\"f49bd9d\" data-element_type=\"section\">\n\t\t\t\t\t\t<div class=\"elementor-container elementor-column-gap-default\">\n\t\t\t\t\t<div class=\"elementor-column elementor-col-100 elementor-top-column elementor-element elementor-element-d9f2e5f\" data-id=\"d9f2e5f\" data-element_type=\"column\">\n\t\t\t<div class=\"elementor-widget-wrap elementor-element-populated\">\n\t\t\t\t\t\t<div class=\"elementor-element elementor-element-3185b77 elementor-widget-divider--view-line elementor-widget elementor-widget-divider\" data-id=\"3185b77\" data-element_type=\"widget\" data-widget_type=\"divider.default\">\n\t\t\t\t<div class=\"elementor-widget-container\">\n\t\t\t\t\t<div class=\"elementor-divider\">\n\t\t\t<span class=\"elementor-divider-separator\">\n\t\t\t\t\t\t<\/span>\n\t\t<\/div>\n\t\t\t\t<\/div>\n\t\t\t\t<\/div>\n\t\t\t\t<div class=\"elementor-element elementor-element-3a0ad68 elementor-view-default elementor-widget elementor-widget-icon\" data-id=\"3a0ad68\" data-element_type=\"widget\" data-widget_type=\"icon.default\">\n\t\t\t\t<div class=\"elementor-widget-container\">\n\t\t\t\t\t<div class=\"elementor-icon-wrapper\">\n\t\t\t<div class=\"elementor-icon\">\n\t\t\t<i aria-hidden=\"true\" class=\"fas fa-users\"><\/i>\t\t\t<\/div>\n\t\t<\/div>\n\t\t\t\t<\/div>\n\t\t\t\t<\/div>\n\t\t\t\t<div class=\"elementor-element elementor-element-4a8f7cc elementor-widget elementor-widget-text-editor\" data-id=\"4a8f7cc\" data-element_type=\"widget\" data-widget_type=\"text-editor.default\">\n\t\t\t\t<div class=\"elementor-widget-container\">\n\t\t\t\t\t\t\t<h2 style=\"font-style: normal; font-variant-ligatures: normal; font-variant-caps: normal; letter-spacing: normal;\" class=\" translation-block\"><span class=\"themecolor\">Echipa<\/span> noastr\u0103<\/h2>\t\t\t\t\t\t<\/div>\n\t\t\t\t<\/div>\n\t\t\t\t<div class=\"elementor-element elementor-element-bef5e24 elementor-widget elementor-widget-spacer\" data-id=\"bef5e24\" data-element_type=\"widget\" data-widget_type=\"spacer.default\">\n\t\t\t\t<div class=\"elementor-widget-container\">\n\t\t\t\t\t<div class=\"elementor-spacer\">\n\t\t\t<div class=\"elementor-spacer-inner\"><\/div>\n\t\t<\/div>\n\t\t\t\t<\/div>\n\t\t\t\t<\/div>\n\t\t\t\t\t<\/div>\n\t\t<\/div>\n\t\t\t\t\t<\/div>\n\t\t<\/section>\n\t\t\t\t<section class=\"elementor-section elementor-top-section elementor-element elementor-element-429e25d elementor-section-boxed elementor-section-height-default elementor-section-height-default\" data-id=\"429e25d\" data-element_type=\"section\">\n\t\t\t\t\t\t<div class=\"elementor-container elementor-column-gap-default\">\n\t\t\t\t\t<div class=\"elementor-column elementor-col-33 elementor-top-column elementor-element elementor-element-a93a5f2\" data-id=\"a93a5f2\" data-element_type=\"column\">\n\t\t\t<div class=\"elementor-widget-wrap elementor-element-populated\">\n\t\t\t\t\t\t<div class=\"elementor-element elementor-element-1b8e3b8 eael-team-align-centered elementor-widget elementor-widget-eael-team-member\" data-id=\"1b8e3b8\" data-element_type=\"widget\" data-widget_type=\"eael-team-member.default\">\n\t\t\t\t<div class=\"elementor-widget-container\">\n\t\t\t\n\n\t<div id=\"eael-team-member-1b8e3b8\" class=\"eael-team-item eael-team-members-simple\">\n\t\t<div class=\"eael-team-item-inner\">\n\t\t\t<div class=\"eael-team-image\">\n\t\t\t\t<figure>\n\t\t\t\t\t<img decoding=\"async\" src=\"https:\/\/consiliulelevilor.ro\/wp-content\/uploads\/elementor\/thumbs\/2-rm47i6jskm68d5vj11rh5pgxlmqyntc4dtqxd78u4g.png\" alt=\"\">\n\t\t\t\t<\/figure>\n\t\t\t\t\n\t\t\t\t\n\t\t\t<\/div>\n\n\t\t\t<div class=\"eael-team-content\">\n\t\t\t\t<h3 class=\"eael-team-member-name\">Mihnea-Adrian Haiduc<\/h3>\n\t\t\t\t<h4 class=\"eael-team-member-position\">pre\u0219edinte<\/h4>\n\n\t\t\t\t\t\t\t\t\t\t\t\t\t\t<p class=\"eael-team-text\">mihnea.haiduc@consiliulelevilor.ro<\/p>\n\t\t\t\t\t\t\t<\/div>\n\t\t<\/div>\n\t<\/div>\n\t\t\t<\/div>\n\t\t\t\t<\/div>\n\t\t\t\t\t<\/div>\n\t\t<\/div>\n\t\t\t\t<div class=\"elementor-column elementor-col-33 elementor-top-column elementor-element elementor-element-ba9f37a\" data-id=\"ba9f37a\" data-element_type=\"column\">\n\t\t\t<div class=\"elementor-widget-wrap elementor-element-populated\">\n\t\t\t\t\t\t<div class=\"elementor-element elementor-element-e7ba483 eael-team-align-centered elementor-widget elementor-widget-eael-team-member\" data-id=\"e7ba483\" data-element_type=\"widget\" data-widget_type=\"eael-team-member.default\">\n\t\t\t\t<div class=\"elementor-widget-container\">\n\t\t\t\n\n\t<div id=\"eael-team-member-e7ba483\" class=\"eael-team-item eael-team-members-simple\">\n\t\t<div class=\"eael-team-item-inner\">\n\t\t\t<div class=\"eael-team-image\">\n\t\t\t\t<figure>\n\t\t\t\t\t<img decoding=\"async\" src=\"https:\/\/consiliulelevilor.ro\/wp-content\/uploads\/elementor\/thumbs\/daria-rm4819ntciau445gksrrae2vuao9yk3woamv6gy1s0.png\" alt=\"\">\n\t\t\t\t<\/figure>\n\t\t\t\t\n\t\t\t\t\n\t\t\t<\/div>\n\n\t\t\t<div class=\"eael-team-content\">\n\t\t\t\t<h3 class=\"eael-team-member-name\">Daria-Ioana Ostachi<\/h3>\n\t\t\t\t<h4 class=\"eael-team-member-position\">secretar executiv - organizare intern\u0103<\/h4>\n\n\t\t\t\t\t\t\t\t\t\t\t\t\t\t<p class=\"eael-team-text\">daria.ostachi@consiliulelevilor.ro<\/p>\n\t\t\t\t\t\t\t<\/div>\n\t\t<\/div>\n\t<\/div>\n\t\t\t<\/div>\n\t\t\t\t<\/div>\n\t\t\t\t\t<\/div>\n\t\t<\/div>\n\t\t\t\t<div class=\"elementor-column elementor-col-33 elementor-top-column elementor-element elementor-element-24f7669\" data-id=\"24f7669\" data-element_type=\"column\">\n\t\t\t<div class=\"elementor-widget-wrap elementor-element-populated\">\n\t\t\t\t\t\t<div class=\"elementor-element elementor-element-0399a47 eael-team-align-centered elementor-widget elementor-widget-eael-team-member\" data-id=\"0399a47\" data-element_type=\"widget\" data-widget_type=\"eael-team-member.default\">\n\t\t\t\t<div class=\"elementor-widget-container\">\n\t\t\t\n\n\t<div id=\"eael-team-member-0399a47\" class=\"eael-team-item eael-team-members-simple\">\n\t\t<div class=\"eael-team-item-inner\">\n\t\t\t<div class=\"eael-team-image\">\n\t\t\t\t<figure>\n\t\t\t\t\t<img decoding=\"async\" src=\"https:\/\/consiliulelevilor.ro\/wp-content\/uploads\/elementor\/thumbs\/4-rm483bx2cf4hlb5lj6va9dcarqi9unapai683bvy4g.png\" alt=\"\">\n\t\t\t\t<\/figure>\n\t\t\t\t\n\t\t\t\t\n\t\t\t<\/div>\n\n\t\t\t<div class=\"eael-team-content\">\n\t\t\t\t<h3 class=\"eael-team-member-name\">Diana-Maria Stoica<\/h3>\n\t\t\t\t<h4 class=\"eael-team-member-position\">Secretar executiv -  rela\u021bii externe <\/h4>\n\n\t\t\t\t\t\t\t\t\t\t\t\t\t\t<p class=\"eael-team-text\">diana.stoica@consiliulelevilor.ro<\/p>\n\t\t\t\t\t\t\t<\/div>\n\t\t<\/div>\n\t<\/div>\n\t\t\t<\/div>\n\t\t\t\t<\/div>\n\t\t\t\t\t<\/div>\n\t\t<\/div>\n\t\t\t\t\t<\/div>\n\t\t<\/section>\n\t\t\t\t<section class=\"elementor-section elementor-top-section elementor-element elementor-element-365802e elementor-section-boxed elementor-section-height-default elementor-section-height-default\" data-id=\"365802e\" data-element_type=\"section\">\n\t\t\t\t\t\t<div class=\"elementor-container elementor-column-gap-default\">\n\t\t\t\t\t<div class=\"elementor-column elementor-col-33 elementor-top-column elementor-element elementor-element-f6aabd5\" data-id=\"f6aabd5\" data-element_type=\"column\">\n\t\t\t<div class=\"elementor-widget-wrap elementor-element-populated\">\n\t\t\t\t\t\t<div class=\"elementor-element elementor-element-147a705 eael-team-align-centered elementor-widget elementor-widget-eael-team-member\" data-id=\"147a705\" data-element_type=\"widget\" data-widget_type=\"eael-team-member.default\">\n\t\t\t\t<div class=\"elementor-widget-container\">\n\t\t\t\n\n\t<div id=\"eael-team-member-147a705\" class=\"eael-team-item eael-team-members-simple\">\n\t\t<div class=\"eael-team-item-inner\">\n\t\t\t<div class=\"eael-team-image\">\n\t\t\t\t<figure>\n\t\t\t\t\t<img decoding=\"async\" src=\"https:\/\/consiliulelevilor.ro\/wp-content\/uploads\/elementor\/thumbs\/5-rm488066britbid78pli5ovt3pgz4gunlmy4zuyh6o.png\" alt=\"\">\n\t\t\t\t<\/figure>\n\t\t\t\t\n\t\t\t\t\n\t\t\t<\/div>\n\n\t\t\t<div class=\"eael-team-content\">\n\t\t\t\t<h3 class=\"eael-team-member-name\">BOGDAN-ANDREI ENACHE<\/h3>\n\t\t\t\t<h4 class=\"eael-team-member-position\">Aleln\u00f6k<\/h4>\n\n\t\t\t\t\t\t\t\t\t\t\t\t\t\t<p class=\"eael-team-text\">bogdan.enache@consiliulelevilor.ro<\/p>\n\t\t\t\t\t\t\t<\/div>\n\t\t<\/div>\n\t<\/div>\n\t\t\t<\/div>\n\t\t\t\t<\/div>\n\t\t\t\t\t<\/div>\n\t\t<\/div>\n\t\t\t\t<div class=\"elementor-column elementor-col-33 elementor-top-column elementor-element elementor-element-26bf461\" data-id=\"26bf461\" data-element_type=\"column\">\n\t\t\t<div class=\"elementor-widget-wrap elementor-element-populated\">\n\t\t\t\t\t\t<div class=\"elementor-element elementor-element-a95f708 eael-team-align-centered elementor-widget elementor-widget-eael-team-member\" data-id=\"a95f708\" data-element_type=\"widget\" data-widget_type=\"eael-team-member.default\">\n\t\t\t\t<div class=\"elementor-widget-container\">\n\t\t\t\n\n\t<div id=\"eael-team-member-a95f708\" class=\"eael-team-item eael-team-members-simple\">\n\t\t<div class=\"eael-team-item-inner\">\n\t\t\t<div class=\"eael-team-image\">\n\t\t\t\t<figure>\n\t\t\t\t\t<img decoding=\"async\" src=\"https:\/\/consiliulelevilor.ro\/wp-content\/uploads\/elementor\/thumbs\/6-rm4899afft8kssjnx93lhdhxm7aldxtrru9g153kw0.png\" alt=\"\">\n\t\t\t\t<\/figure>\n\t\t\t\t\n\t\t\t\t\n\t\t\t<\/div>\n\n\t\t\t<div class=\"eael-team-content\">\n\t\t\t\t<h3 class=\"eael-team-member-name\">Bogdan-Lucian Gogan<\/h3>\n\t\t\t\t<h4 class=\"eael-team-member-position\">Aleln\u00f6k<\/h4>\n\n\t\t\t\t\t\t\t\t\t\t\t\t\t\t<p class=\"eael-team-text\">bogdan.gogan@consiliulelevilor.ro<\/p>\n\t\t\t\t\t\t\t<\/div>\n\t\t<\/div>\n\t<\/div>\n\t\t\t<\/div>\n\t\t\t\t<\/div>\n\t\t\t\t\t<\/div>\n\t\t<\/div>\n\t\t\t\t<div class=\"elementor-column elementor-col-33 elementor-top-column elementor-element elementor-element-ecc2892\" data-id=\"ecc2892\" data-element_type=\"column\">\n\t\t\t<div class=\"elementor-widget-wrap elementor-element-populated\">\n\t\t\t\t\t\t<div class=\"elementor-element elementor-element-f3f3988 eael-team-align-centered elementor-widget elementor-widget-eael-team-member\" data-id=\"f3f3988\" data-element_type=\"widget\" data-widget_type=\"eael-team-member.default\">\n\t\t\t\t<div class=\"elementor-widget-container\">\n\t\t\t\n\n\t<div id=\"eael-team-member-f3f3988\" class=\"eael-team-item eael-team-members-simple\">\n\t\t<div class=\"eael-team-item-inner\">\n\t\t\t<div class=\"eael-team-image\">\n\t\t\t\t<figure>\n\t\t\t\t\t<img decoding=\"async\" src=\"https:\/\/consiliulelevilor.ro\/wp-content\/uploads\/elementor\/thumbs\/7-rm48a9y4ucmrdl2ez6y1om8ws89wq4vawvpdqxl85c.png\" alt=\"\">\n\t\t\t\t<\/figure>\n\t\t\t\t\n\t\t\t\t\n\t\t\t<\/div>\n\n\t\t\t<div class=\"eael-team-content\">\n\t\t\t\t<h3 class=\"eael-team-member-name\">\u0218tefan Ioni\u021b\u0103<\/h3>\n\t\t\t\t<h4 class=\"eael-team-member-position\">Vicepre\u0219edinte<\/h4>\n\n\t\t\t\t\t\t\t\t\t\t\t\t\t\t<p class=\"eael-team-text\">stefan.ionita@consiliulelevilor.ro<\/p>\n\t\t\t\t\t\t\t<\/div>\n\t\t<\/div>\n\t<\/div>\n\t\t\t<\/div>\n\t\t\t\t<\/div>\n\t\t\t\t\t<\/div>\n\t\t<\/div>\n\t\t\t\t\t<\/div>\n\t\t<\/section>\n\t\t\t\t<section class=\"elementor-section elementor-top-section elementor-element elementor-element-4545d45 elementor-section-boxed elementor-section-height-default elementor-section-height-default\" data-id=\"4545d45\" data-element_type=\"section\">\n\t\t\t\t\t\t<div class=\"elementor-container elementor-column-gap-default\">\n\t\t\t\t\t<div class=\"elementor-column elementor-col-33 elementor-top-column elementor-element elementor-element-34c82b9\" data-id=\"34c82b9\" data-element_type=\"column\">\n\t\t\t<div class=\"elementor-widget-wrap\">\n\t\t\t\t\t\t\t<\/div>\n\t\t<\/div>\n\t\t\t\t<div class=\"elementor-column elementor-col-33 elementor-top-column elementor-element elementor-element-a06452b\" data-id=\"a06452b\" data-element_type=\"column\">\n\t\t\t<div class=\"elementor-widget-wrap elementor-element-populated\">\n\t\t\t\t\t\t<div class=\"elementor-element elementor-element-e2e62e6 eael-team-align-centered elementor-widget elementor-widget-eael-team-member\" data-id=\"e2e62e6\" data-element_type=\"widget\" data-widget_type=\"eael-team-member.default\">\n\t\t\t\t<div class=\"elementor-widget-container\">\n\t\t\t\n\n\t<div id=\"eael-team-member-e2e62e6\" class=\"eael-team-item eael-team-members-simple\">\n\t\t<div class=\"eael-team-item-inner\">\n\t\t\t<div class=\"eael-team-image\">\n\t\t\t\t<figure>\n\t\t\t\t\t<img decoding=\"async\" src=\"https:\/\/consiliulelevilor.ro\/wp-content\/uploads\/elementor\/thumbs\/8-rm48brixnwo3rcwlac3s4qq6n6xtwvs048w23pdsao.png\" alt=\"\">\n\t\t\t\t<\/figure>\n\t\t\t\t\n\t\t\t\t\n\t\t\t<\/div>\n\n\t\t\t<div class=\"eael-team-content\">\n\t\t\t\t<h3 class=\"eael-team-member-name\">Abian-Nicu\u0219or B\u0103t\u0103iosu<\/h3>\n\t\t\t\t<h4 class=\"eael-team-member-position\">Aleln\u00f6k<\/h4>\n\n\t\t\t\t\t\t\t\t\t\t\t\t\t\t<p class=\"eael-team-text\">abian.bataiosu@consiliulelevilor.ro<\/p>\n\t\t\t\t\t\t\t<\/div>\n\t\t<\/div>\n\t<\/div>\n\t\t\t<\/div>\n\t\t\t\t<\/div>\n\t\t\t\t\t<\/div>\n\t\t<\/div>\n\t\t\t\t<div class=\"elementor-column elementor-col-33 elementor-top-column elementor-element elementor-element-277fa9e\" data-id=\"277fa9e\" data-element_type=\"column\">\n\t\t\t<div class=\"elementor-widget-wrap\">\n\t\t\t\t\t\t\t<\/div>\n\t\t<\/div>\n\t\t\t\t\t<\/div>\n\t\t<\/section>\n\t\t\t\t<section class=\"elementor-section elementor-top-section elementor-element elementor-element-6551039 elementor-section-boxed elementor-section-height-default elementor-section-height-default\" data-id=\"6551039\" data-element_type=\"section\">\n\t\t\t\t\t\t<div class=\"elementor-container elementor-column-gap-default\">\n\t\t\t\t\t<div class=\"elementor-column elementor-col-100 elementor-top-column elementor-element elementor-element-0fb3a1f\" data-id=\"0fb3a1f\" data-element_type=\"column\">\n\t\t\t<div class=\"elementor-widget-wrap elementor-element-populated\">\n\t\t\t\t\t\t<div class=\"elementor-element elementor-element-f9d1558 elementor-widget-divider--view-line elementor-widget elementor-widget-divider\" data-id=\"f9d1558\" data-element_type=\"widget\" data-widget_type=\"divider.default\">\n\t\t\t\t<div class=\"elementor-widget-container\">\n\t\t\t\t\t<div class=\"elementor-divider\">\n\t\t\t<span class=\"elementor-divider-separator\">\n\t\t\t\t\t\t<\/span>\n\t\t<\/div>\n\t\t\t\t<\/div>\n\t\t\t\t<\/div>\n\t\t\t\t\t<\/div>\n\t\t<\/div>\n\t\t\t\t\t<\/div>\n\t\t<\/section>\n\t\t\t\t<section class=\"elementor-section elementor-top-section elementor-element elementor-element-635dd5f elementor-section-boxed elementor-section-height-default elementor-section-height-default\" data-id=\"635dd5f\" data-element_type=\"section\">\n\t\t\t\t\t\t<div class=\"elementor-container elementor-column-gap-default\">\n\t\t\t\t\t<div class=\"elementor-column elementor-col-33 elementor-top-column elementor-element elementor-element-d05093a\" data-id=\"d05093a\" data-element_type=\"column\">\n\t\t\t<div class=\"elementor-widget-wrap elementor-element-populated\">\n\t\t\t\t\t\t<div class=\"elementor-element elementor-element-30033a0 eael-team-align-centered elementor-widget elementor-widget-eael-team-member\" data-id=\"30033a0\" data-element_type=\"widget\" data-widget_type=\"eael-team-member.default\">\n\t\t\t\t<div class=\"elementor-widget-container\">\n\t\t\t\n\n\t<div id=\"eael-team-member-30033a0\" class=\"eael-team-item eael-team-members-simple\">\n\t\t<div class=\"eael-team-item-inner\">\n\t\t\t<div class=\"eael-team-image\">\n\t\t\t\t<figure>\n\t\t\t\t\t<img decoding=\"async\" src=\"https:\/\/consiliulelevilor.ro\/wp-content\/uploads\/elementor\/thumbs\/Andreea-Lara-Stanciu-razd90i9a7e3idzb95evsube7u7gcif623hrn6q4o8.jpg\" alt=\"\">\n\t\t\t\t<\/figure>\n\t\t\t\t\n\t\t\t\t\n\t\t\t<\/div>\n\n\t\t\t<div class=\"eael-team-content\">\n\t\t\t\t<h3 class=\"eael-team-member-name\">Andreea-Lara Stanciu<\/h3>\n\t\t\t\t<h4 class=\"eael-team-member-position\">Nemzeti Etikai Bizotts\u00e1g<\/h4>\n\n\t\t\t\t\t\t\t\t\t\t\t\t\t\t<p class=\"eael-team-text\"><\/p>\n\t\t\t\t\t\t\t<\/div>\n\t\t<\/div>\n\t<\/div>\n\t\t\t<\/div>\n\t\t\t\t<\/div>\n\t\t\t\t\t<\/div>\n\t\t<\/div>\n\t\t\t\t<div class=\"elementor-column elementor-col-33 elementor-top-column elementor-element elementor-element-a191671\" data-id=\"a191671\" data-element_type=\"column\">\n\t\t\t<div class=\"elementor-widget-wrap elementor-element-populated\">\n\t\t\t\t\t\t<div class=\"elementor-element elementor-element-f8c4be9 eael-team-align-centered elementor-widget elementor-widget-eael-team-member\" data-id=\"f8c4be9\" data-element_type=\"widget\" data-widget_type=\"eael-team-member.default\">\n\t\t\t\t<div class=\"elementor-widget-container\">\n\t\t\t\n\n\t<div id=\"eael-team-member-f8c4be9\" class=\"eael-team-item eael-team-members-simple\">\n\t\t<div class=\"eael-team-item-inner\">\n\t\t\t<div class=\"eael-team-image\">\n\t\t\t\t<figure>\n\t\t\t\t\t<img decoding=\"async\" src=\"https:\/\/consiliulelevilor.ro\/wp-content\/uploads\/elementor\/thumbs\/sdada-rcolfh5e1pgsbfwhxo6xi6d2p6eluj6nlhvtvhahs0.jpg\" alt=\"\">\n\t\t\t\t<\/figure>\n\t\t\t\t\n\t\t\t\t\n\t\t\t<\/div>\n\n\t\t\t<div class=\"eael-team-content\">\n\t\t\t\t<h3 class=\"eael-team-member-name\">Teodor-Cosmin Chiril\u0103<\/h3>\n\t\t\t\t<h4 class=\"eael-team-member-position\">Nemzeti Etikai Bizotts\u00e1g<\/h4>\n\n\t\t\t\t\t\t\t\t\t\t\t\t\t\t<p class=\"eael-team-text\"><\/p>\n\t\t\t\t\t\t\t<\/div>\n\t\t<\/div>\n\t<\/div>\n\t\t\t<\/div>\n\t\t\t\t<\/div>\n\t\t\t\t\t<\/div>\n\t\t<\/div>\n\t\t\t\t<div class=\"elementor-column elementor-col-33 elementor-top-column elementor-element elementor-element-3ace128\" data-id=\"3ace128\" data-element_type=\"column\">\n\t\t\t<div class=\"elementor-widget-wrap elementor-element-populated\">\n\t\t\t\t\t\t<div class=\"elementor-element elementor-element-967144e eael-team-align-centered elementor-widget elementor-widget-eael-team-member\" data-id=\"967144e\" data-element_type=\"widget\" data-widget_type=\"eael-team-member.default\">\n\t\t\t\t<div class=\"elementor-widget-container\">\n\t\t\t\n\n\t<div id=\"eael-team-member-967144e\" class=\"eael-team-item eael-team-members-simple\">\n\t\t<div class=\"eael-team-item-inner\">\n\t\t\t<div class=\"eael-team-image\">\n\t\t\t\t<figure>\n\t\t\t\t\t<img decoding=\"async\" src=\"https:\/\/consiliulelevilor.ro\/wp-content\/uploads\/elementor\/thumbs\/WhatsApp-Image-2025-08-28-at-15.59.47_d613307a-razd8zkf3dct6s0oen098cjxmgc34tbfpyua5wriug.jpg\" alt=\"\">\n\t\t\t\t<\/figure>\n\t\t\t\t\n\t\t\t\t\n\t\t\t<\/div>\n\n\t\t\t<div class=\"eael-team-content\">\n\t\t\t\t<h3 class=\"eael-team-member-name\">Andra-Elena Gheorghe<\/h3>\n\t\t\t\t<h4 class=\"eael-team-member-position\">Nemzeti Etikai Bizotts\u00e1g<\/h4>\n\n\t\t\t\t\t\t\t\t\t\t\t\t\t\t<p class=\"eael-team-text\"><\/p>\n\t\t\t\t\t\t\t<\/div>\n\t\t<\/div>\n\t<\/div>\n\t\t\t<\/div>\n\t\t\t\t<\/div>\n\t\t\t\t\t<\/div>\n\t\t<\/div>\n\t\t\t\t\t<\/div>\n\t\t<\/section>\n\t\t\t\t<section class=\"elementor-section elementor-top-section elementor-element elementor-element-5e2bab5 elementor-section-boxed elementor-section-height-default elementor-section-height-default\" data-id=\"5e2bab5\" data-element_type=\"section\">\n\t\t\t\t\t\t<div class=\"elementor-container elementor-column-gap-default\">\n\t\t\t\t\t<div class=\"elementor-column elementor-col-100 elementor-top-column elementor-element elementor-element-82d7242\" data-id=\"82d7242\" data-element_type=\"column\">\n\t\t\t<div class=\"elementor-widget-wrap elementor-element-populated\">\n\t\t\t\t\t\t<div class=\"elementor-element elementor-element-d7ac112 elementor-widget elementor-widget-heading\" data-id=\"d7ac112\" data-element_type=\"widget\" data-widget_type=\"heading.default\">\n\t\t\t\t<div class=\"elementor-widget-container\">\n\t\t\t<h4 class=\"elementor-heading-title elementor-size-default\">conet@consiliulelevilor.ro<\/h4>\t\t<\/div>\n\t\t\t\t<\/div>\n\t\t\t\t\t<\/div>\n\t\t<\/div>\n\t\t\t\t\t<\/div>\n\t\t<\/section>\n\t\t\t\t<section class=\"elementor-section elementor-top-section elementor-element elementor-element-83e3ec3 elementor-section-boxed elementor-section-height-default elementor-section-height-default\" data-id=\"83e3ec3\" data-element_type=\"section\">\n\t\t\t\t\t\t<div class=\"elementor-container elementor-column-gap-default\">\n\t\t\t\t\t<div class=\"elementor-column elementor-col-100 elementor-top-column elementor-element elementor-element-7772d92\" data-id=\"7772d92\" data-element_type=\"column\">\n\t\t\t<div class=\"elementor-widget-wrap elementor-element-populated\">\n\t\t\t\t\t\t<div class=\"elementor-element elementor-element-4563e56 elementor-widget-divider--view-line elementor-widget elementor-widget-divider\" data-id=\"4563e56\" data-element_type=\"widget\" data-widget_type=\"divider.default\">\n\t\t\t\t<div class=\"elementor-widget-container\">\n\t\t\t\t\t<div class=\"elementor-divider\">\n\t\t\t<span class=\"elementor-divider-separator\">\n\t\t\t\t\t\t<\/span>\n\t\t<\/div>\n\t\t\t\t<\/div>\n\t\t\t\t<\/div>\n\t\t\t\t<div class=\"elementor-element elementor-element-ff74159 elementor-view-default elementor-position-top elementor-mobile-position-top elementor-widget elementor-widget-icon-box\" data-id=\"ff74159\" data-element_type=\"widget\" data-widget_type=\"icon-box.default\">\n\t\t\t\t<div class=\"elementor-widget-container\">\n\t\t\t\t\t<div class=\"elementor-icon-box-wrapper\">\n\t\t\t\t\t\t<div class=\"elementor-icon-box-icon\">\n\t\t\t\t<span  class=\"elementor-icon elementor-animation-\">\n\t\t\t\t<i aria-hidden=\"true\" class=\"fas fa-star\"><\/i>\t\t\t\t<\/span>\n\t\t\t<\/div>\n\t\t\t\t\t\t<div class=\"elementor-icon-box-content\">\n\t\t\t\t<h3 class=\"elementor-icon-box-title translation-block\"><span>\r\n\t\t\t\t\t\t<span class=\"themecolor\">Demersurile noastre<\/span> de-a lungul timpului\t\t\t\t\t<\/span><\/h3>\n\t\t\t\t\t\t\t<\/div>\n\t\t<\/div>\n\t\t\t\t<\/div>\n\t\t\t\t<\/div>\n\t\t\t\t<div class=\"elementor-element elementor-element-d13746d elementor-widget elementor-widget-mfn_timeline\" data-id=\"d13746d\" data-element_type=\"widget\" data-widget_type=\"mfn_timeline.default\">\n\t\t\t\t<div class=\"elementor-widget-container\">\n\t\t\t<ul class=\"timeline_items\"><li><h3><span>2023<\/span><b>Negru pentru burse<\/b><\/h3><div class=\"desc\"><div class=\"wpb_column vc_column_container vc_col-sm-6\"><div class=\"vc_column-inner\"><div class=\"wpb_wrapper\"><div class=\"wpb_text_column wpb_content_element vc_custom_1568553169274\"><div class=\"wpb_wrapper\"><p>Consiliul Na\u021bional al Elevilor a lansat un apel c\u0103tre to\u021bi elevii din Rom\u00e2nia s\u0103 poarte un obiect vestimentar de culoare neagr\u0103 pentru a exprima pozi\u021bia ferm\u0103 asupra modific\u0103rii cerin\u021belor de acordare \u0219i cuantumul burselor \u0219colare. Am fost pl\u0103cu\u021bi surprin\u0219i s\u0103 vedem c\u0103 am reu\u0219it s\u0103 mobiliz\u0103m peste 100.000 de elevi \u0219i s\u0103 vedem c\u0103 ne putem amplifica vocea cu ajutorul colegilor no\u0219tri.<\/p><\/div><\/div><\/div><\/div><\/div><\/div><\/li><li><h3><span>2022<\/span><b>Nu mai juca\u021bi ping-pong cu educa\u021bia<\/b><\/h3><div class=\"desc\"><div class=\"wpb_column vc_column_container vc_col-sm-6\"><div class=\"vc_column-inner\"><div class=\"wpb_wrapper\"><div class=\"wpb_text_column wpb_content_element vc_custom_1568553169274\"><div class=\"wpb_wrapper\"><p>Consiliul Na\u021bional al Elevilor, a fost prezent \u00een fa\u021ba Ministerului Educa\u021biei \u0219i a Ministerului S\u0103n\u0103t\u0103\u021bii, pentru a trage un semnal de alarma vizavi de nevoia de predictibilitate \u00een sistemul educa\u021bional.<\/p><p>Am solicitat deciden\u021bilor adoptarea unui algoritm \u00een baza c\u0103ruia s\u0103 se decid\u0103 func\u021bionarea \u0219colilor, precum \u0219i clarificarea situa\u021biei testelor non-invazive, aspecte cuprinse \u00een peti\u021bia noastr\u0103, la care am str\u00e2ns 50.000 de semn\u0103turi.<\/p><\/div><\/div><\/div><\/div><\/div><\/div><\/li><li><h3><span>2020<\/span><b>\u021aar\u0103, \u021bar\u0103, vrem laptopuri pentru \u0219coala online!<\/b><\/h3><div class=\"desc\"><div class=\"wpb_column vc_column_container vc_col-sm-6\"><div class=\"vc_column-inner\"><div class=\"wpb_wrapper\"><div class=\"wpb_text_column wpb_content_element vc_custom_1568553169274\"><div class=\"wpb_wrapper\"><p>Al\u0103turi de cei de la Declic Rom\u00e2nia, am strigat catalogul elevilor care au fost priva\u021bi de educa\u021bie \u00een perioada \u0219colii online \u00een fa\u021ba Guvernului Rom\u00e2niei. Peste 23.500 de membri Declic \u0219i Consiliul Na\u021bional al Elevilor au cerut Ministerului Educa\u021biei s\u0103 suplimenteze fondurile din programul na\u021bional \u201e<em>\u0218coala de Acas\u0103<\/em>\u201d \u0219i s\u0103 asigure laptopuri pentru to\u021bi elevii din Rom\u00e2nia.\u00a0<\/p><\/div><\/div><\/div><\/div><\/div><\/div><\/li><li><h3><span>2019<\/span><b>Oktat\u00e1si el\u0151fizet\u00e9s<\/b><\/h3><div class=\"desc\"><div class=\"wpb_column vc_column_container vc_col-sm-6\"><div class=\"vc_column-inner\"><div class=\"wpb_wrapper\"><div class=\"wpb_text_column wpb_content_element vc_custom_1568553169274\"><div class=\"wpb_wrapper\"><p>A 2019 elej\u00e9n ind\u00edtott \"El\u0151fizet\u00e9s az oktat\u00e1sra\" elnevez\u00e9s\u0171 kamp\u00e1nyunkkal szeretn\u00e9nk felh\u00edvni a k\u00f6zv\u00e9lem\u00e9ny figyelm\u00e9t a rom\u00e1niai di\u00e1kok egy \u00e9get\u0151 probl\u00e9m\u00e1j\u00e1ra, nevezetesen arra, hogy nem r\u00e9szes\u00fclnek a t\u00f6megk\u00f6zleked\u00e9sre vonatkoz\u00f3 legal\u00e1bb 50%-os kedvezm\u00e9nyben, holott ezt t\u00f6rv\u00e9ny \u00edrja el\u0151.<\/p><p>Ezenk\u00edv\u00fcl a d\u00f6nt\u00e9shoz\u00f3k figyelm\u00e9t a di\u00e1kok ing\u00e1z\u00e1s\u00e1ra is szeretn\u00e9nk felh\u00edvni, amelynek k\u00f6lts\u00e9geit gyakran nem fedezik teljes m\u00e9rt\u00e9kben.<\/p><\/div><\/div><\/div><\/div><\/div><\/div><\/li><li><h3><span>2019<\/span><b>#\u00fcreslap<\/b><\/h3><div class=\"desc\"><p>\u00cen acest an, elevii au dat #foaiagoal\u0103 la simul\u0103rile examenelor na\u021bionale, al\u0103tur\u00e2ndu-se protestului ini\u021biat de Consiliul Na\u021bional al Elevilor.<\/p><p>C\u00e2teva motive ce au stat la baza mi\u0219c\u0103rii, formulate \u00een prim\u0103vara anului 2019, sunt enumerate mai jos:<\/p><p>\u201eD\u0103m foaia goal\u0103 pentru c\u0103 simul\u0103rile nu ne vor evalua competen\u021bele, ci doar cuno\u0219tin\u021bele. Nu ne vor evalua capacitatea de a g\u00e2ndi critic, ci doar capacitatea de a reproduce informa\u021biile care ne-au fost dictate la clas\u0103.\u201d<br \/>\u201eD\u0103m foaia goal\u0103 pentru c\u0103 schimb\u0103rile nefundamentate nu sunt solu\u021bia \u00een educa\u021bie. Itemii de tip obiectiv nu au fost etalona\u021bi, iar noi, de\u0219i suntem beneficiarii direc\u021bi ai educa\u021biei, nu am fost<br \/>consulta\u021bi.\u201d<br \/>\u201eD\u0103m foaia goal\u0103 pentru a trage un semnal de alarm\u0103 \u00eenainte<br \/>s\u0103 fie prea t\u00e2rziu, \u00eenainte s\u0103 ajungem \u00een punctul critic \u00een care vom sus\u021bine simul\u0103ri de examene na\u021bionale anual, pentru c\u0103 deciden\u021bii \u00ee\u0219i doresc s\u0103 pun\u0103 c\u00e2t mai mult\u0103 presiune pe noi.\u201d<\/p><p>Astfel, elevii au fost \u00eencuraja\u021bi ca \u00een loc s\u0103 rezolve subiectele, s\u0103 \u00ee\u0219i scrie pe foaie nemul\u021bumirile cu privire la sistem, milit\u00e2nd simbolic pentru o schimbare.<\/p><\/div><\/li><li><h3><span>2019<\/span><b>Gy\u00e1sz az oktat\u00e1s\u00e9rt<\/b><\/h3><div class=\"desc\"><div class=\"wpb_column vc_column_container vc_col-sm-6\"><div class=\"vc_column-inner\"><div class=\"wpb_wrapper\"><div class=\"wpb_text_column wpb_content_element vc_custom_1568554744664\"><div class=\"wpb_wrapper\"><p>A Di\u00e1kok Orsz\u00e1gos Tan\u00e1csa felsz\u00f3l\u00edtotta a rom\u00e1niai di\u00e1kokat, hogy szeptember 9-\u00e9n, a tan\u00e9vnyit\u00f3n transzparenssel vagy m\u00e1s fekete ruh\u00e1zatban tiltakozzanak.<\/p><p class=\" translation-block\">Cea mai recent\u0103 m\u0103sur\u0103 ap\u0103rut\u0103 \u00een sfera educa\u021biei, prin care elevii care ob\u021bin medii de admitere sub 5 la finalul gimnaziului sunt repartiza\u021bi direct \u00een \u0219colile profesionale, a fost motivul principal<span class=\"text_exposed_show\">&nbsp;care ne-a determinat s\u0103 ie\u0219im la protest \u00een curtea \u0219colii.<\/span><\/p><p>\u00dagy v\u00e9lj\u00fck, hogy a Nemzeti Oktat\u00e1si Miniszt\u00e9riumt\u00f3l \u00e9rkez\u0151 javaslat semmiss\u00e9 teszi az elm\u00falt \u00e9vekben a szakk\u00e9pz\u00e9s relevanci\u00e1j\u00e1nak n\u00f6vel\u00e9s\u00e9re tett er\u0151fesz\u00edt\u00e9seket, \u00e9s eltereli a figyelmet azokr\u00f3l a val\u00f3di okokr\u00f3l, amelyek miatt egyes di\u00e1kok nem teljes\u00edtenek j\u00f3l az orsz\u00e1gos \u00e9rt\u00e9kel\u00e9sen: az oktat\u00e1si \u00e1gazat alulfinansz\u00edrozotts\u00e1ga, a tan\u00edt\u00e1s \u00e9s tanul\u00e1s hat\u00e9konys\u00e1g\u00e1nak hi\u00e1nya, a befogad\u00e1s hi\u00e1nya az iskolai k\u00f6rnyezetben.<\/p><\/div><\/div><\/div><\/div><\/div><\/div><\/li><li><h3><span>2018<\/span><b>Oktat\u00e1s - nemzetbiztons\u00e1g<\/b><\/h3><div class=\"desc\"><div class=\"wpb_column vc_column_container vc_col-sm-6\"><div class=\"vc_column-inner\"><div class=\"wpb_wrapper\"><div class=\"wpb_text_column wpb_content_element vc_custom_1568550950703\"><div class=\"wpb_wrapper\"><p>2018 elej\u00e9n a Di\u00e1kok Orsz\u00e1gos Tan\u00e1csa kamp\u00e1nyt ind\u00edtott a k\u00f6z\u00e9piskolai szint\u0171 tantervi v\u00e1ltoz\u00e1sok\u00e9rt, amely t\u00f6bb mint 136 000 al\u00e1\u00edr\u00e1st gy\u0171jt\u00f6tt \u00f6ssze.<\/p><p>N\u00e9h\u00e1ny k\u00e9r\u00e9s\u00fcnk a k\u00f6vetkez\u0151 volt:<\/p><ul><li>A tantervfejleszt\u00e9s szakaszainak rangsorol\u00e1sa (a diplom\u00e1s profilb\u00f3l kiindul\u00f3 kerettantervek kidolgoz\u00e1sa);<\/li><li>a tanterv \u00fagy van kialak\u00edtva, hogy a rendszerb\u0151l val\u00f3 bizonyos kil\u00e9p\u00e9seknek kedvezzen (annak biztos\u00edt\u00e1sa \u00e9rdek\u00e9ben, hogy a tanul\u00f3 - ak\u00e1r a fels\u0151oktat\u00e1st, ak\u00e1r a munkaer\u0151piacot vagy m\u00e1s alternat\u00edv\u00e1t v\u00e1lasztja - bizonyos k\u00e9szs\u00e9gekkel rendelkezzen \"az \u00e9letre\");<\/li><li>a vizsg\u00e1lt t\u00e9m\u00e1k rangsorol\u00e1sa;<\/li><li>a tanul\u00f3k saj\u00e1toss\u00e1gaira val\u00f3 intenz\u00edvebb \u00f6sszpontos\u00edt\u00e1s;<\/li><li>a hangs\u00faly \u00e1thelyez\u00e9se az iskol\u00e1r\u00f3l a tanul\u00f3ra az\u00e1ltal, hogy a tanterv az iskola d\u00f6nt\u00e9se alapj\u00e1n \u00e1talakul a tanterv az iskola k\u00edn\u00e1lat\u00e1b\u00f3l a tanul\u00f3 d\u00f6nt\u00e9se alapj\u00e1n;<\/li><li>legal\u00e1bb kb. 15 tanul\u00f3b\u00f3l \u00e1ll\u00f3 csoportok a tanterv szerinti tant\u00e1rgyak szervez\u00e9s\u00e9hez a tanul\u00f3 v\u00e1laszt\u00e1sa szerint az iskolai k\u00edn\u00e1latb\u00f3l;<\/li><li>a k\u00f6z\u00f6s mag olyan tant\u00e1rgyakat tartalmazzon, amelyek sz\u00e9les k\u00f6rben alkalmazhat\u00f3k, mint p\u00e9ld\u00e1ul az eg\u00e9szs\u00e9gnevel\u00e9s, a jogi oktat\u00e1s, a rom\u00e1n nyelv, a nyilv\u00e1nos besz\u00e9d, a kritikai gondolkod\u00e1s \u00e9s \u00edgy tov\u00e1bb;<\/li><li>\u00e1tl\u00e1that\u00f3s\u00e1g a kerettervek v\u00e9gleges\u00edt\u00e9s\u00e9nek folyamat\u00e1ban.<\/li><\/ul><p>Ennek eredm\u00e9nyek\u00e9ppen egy munkacsoportot hoztak l\u00e9tre a kerettantervekkel kapcsolatban, amelyben a di\u00e1kok k\u00e9pvisel\u0151i is helyet kaptak. A Nemzeti Oktat\u00e1si Miniszt\u00e9rium \u00e9l\u00e9n bek\u00f6vetkezett sz\u00e1mos v\u00e1ltoz\u00e1st k\u00f6vet\u0151en azonban a csoport nem volt akt\u00edv.<\/p><\/div><\/div><\/div><\/div><\/div><\/div><\/li><li><h3><span>2018<\/span><b>Az L544\/2001-es k\u00e9r\u00e9seket a v\u00e1rosh\u00e1z\u00e1k f\u00e1ja al\u00e1 tett\u00fck!<\/b><\/h3><div class=\"desc\"><div class=\"wpb_column vc_column_container vc_col-sm-6\"><div class=\"vc_column-inner\"><div class=\"wpb_wrapper\"><div class=\"wpb_text_column wpb_content_element vc_custom_1577552575044\"><div class=\"wpb_wrapper\"><p>A di\u00e1kk\u00e9pvisel\u0151k unj\u00e1k a klasszikus kar\u00e1csonyi aj\u00e1nd\u00e9kokat! 2018 tel\u00e9n felhagytak azzal, hogy a Mikul\u00e1snak \u00edrjanak az oktat\u00e1ssal kapcsolatos k\u00edv\u00e1ns\u00e1gaikr\u00f3l, \u00e9s helyette az \u00f6sszes helyi tan\u00e1csnak megkeres\u00e9st k\u00fcldtek, hogy l\u00e1ss\u00e1k, hogyan haladtak az \u00e9vek sor\u00e1n a kieg\u00e9sz\u00edt\u0151 finansz\u00edroz\u00e1s tekintet\u00e9ben.<\/p><p>A megk\u00f6zel\u00edt\u00e9s c\u00e9lja az volt, hogy \u00f6sszehasonl\u00edtsuk az \u00f6nkorm\u00e1nyzatok \u00e1ltal az elm\u00falt \u00e9vekben az oktat\u00e1si \u00e1gazatra ford\u00edtott \u00f6sszegeket a m\u00e1s ter\u00fcletekre - kult\u00fara, vall\u00e1s, szabadid\u0151 - ford\u00edtott \u00f6sszegekkel.<\/p><\/div><\/div><\/div><\/div><\/div><\/div><\/li><li><h3><span>2017<\/span><b>\u00d6szt\u00f6nd\u00edjak eg\u00e9sz Rom\u00e1ni\u00e1ban!<\/b><\/h3><div class=\"desc\"><div class=\"wpb_column vc_column_container vc_col-sm-6\"><div class=\"vc_column-inner vc_custom_1568549755246\"><div class=\"wpb_wrapper\"><div class=\"wpb_text_column wpb_content_element vc_custom_1577553336455\"><div class=\"wpb_wrapper\"><p>Az Orsz\u00e1gos Di\u00e1ktan\u00e1cs panaszai 2017 eleje \u00f3ta arra ir\u00e1nyulnak, hogy a hat\u00f3s\u00e1gok fel\u00fcletesen kezelik az iskol\u00e1ztat\u00e1si t\u00e1mogat\u00e1sokat.<\/p><p>Amir\u0151l \u00fagy volt, hogy egy egyszer\u0171 beavatkoz\u00e1s lesz, amely nem csak a k\u00f6telezetts\u00e9get, hanem az \u00f6szt\u00f6nd\u00edjak minim\u00e1lis \u00f6sszeg\u00e9t is szab\u00e1lyozza, az oktat\u00e1si rendszer \u00e9l\u00e9n \u00e1ll\u00f3 szem\u00e9lyek elleni harcnak bizonyult.<span class=\"text_exposed_show\">\u021bional.\u00a0<\/span><\/p><p>A Nemzeti Di\u00e1ktan\u00e1cs tervezete a parlamenti elj\u00e1r\u00e1st k\u00f6vette, a k\u00f6zelm\u00faltban fogadt\u00e1k el a 38\/2019. sz\u00e1m\u00fa t\u00f6rv\u00e9nyt, amely kieg\u00e9sz\u00edti az 1\/2011. sz\u00e1m\u00fa nemzeti oktat\u00e1si t\u00f6rv\u00e9nyt. Sajnos azonban az \u00f6szt\u00f6nd\u00edjas szeml\u00e9let tov\u00e1bbra is fenn\u00e1ll, mivel az \u00f6nkorm\u00e1nyzatok \u00e9rdekeit a di\u00e1kok \u00e9rdekei f\u00f6l\u00e9 helyezik, \u00e9s a rom\u00e1n korm\u00e1ny nem tartja tiszteletben k\u00f6telezetts\u00e9gv\u00e1llal\u00e1s\u00e1t.<\/p><p>2019 v\u00e9g\u00e9n a CNE a civil t\u00e1rsadalom t\u00e1mogat\u00e1s\u00e1val ny\u00edlt levelet int\u00e9zett a korm\u00e1nyhoz, \u00e9s pet\u00edci\u00f3t ny\u00fajtott be, hogy a 2020-ra tervezett \u00e1llami k\u00f6lts\u00e9gvet\u00e9sbe \u00e9p\u00edts\u00e9k be az int\u00e9zked\u00e9s megval\u00f3s\u00edthat\u00f3s\u00e1g\u00e1hoz sz\u00fcks\u00e9ges finansz\u00edroz\u00e1st, amelyet t\u00f6bb mint 30 000 rom\u00e1n \u00e1llampolg\u00e1r \u00edrt al\u00e1.<\/p><\/div><\/div><\/div><\/div><\/div><\/div><\/li><li><h3><span>2016<\/span><b>Hallgat\u00f3i jogviszony<\/b><\/h3><div class=\"desc\"><div class=\"wpb_column vc_column_container vc_col-sm-6\"><div class=\"vc_column-inner vc_custom_1568549755246\"><div class=\"wpb_wrapper\"><div class=\"wpb_text_column wpb_content_element vc_custom_1577553336455\"><div class=\"wpb_wrapper\"><div class=\"wpb_column vc_column_container vc_col-sm-6\"><div class=\"vc_column-inner\"><div class=\"wpb_wrapper\"><div class=\"wpb_text_column wpb_content_element vc_custom_1568547588547\"><div class=\"wpb_wrapper\"><p>A tanul\u00f3i stat\u00fatum az els\u0151 olyan dokumentum, amely egy\u00e9rtelm\u0171en szab\u00e1lyozza a rom\u00e1niai \u00e1llami, mag\u00e1n- vagy felekezeti egyetem el\u0151tti oktat\u00e1si int\u00e9zm\u00e9nyekbe beiratkozott tanul\u00f3k jogait \u00e9s k\u00f6telezetts\u00e9geit.<\/p><p>E jogszab\u00e1ly megl\u00e9te elengedhetetlen a min\u0151s\u00e9gi, demokratikus, tanul\u00f3- \u00e9s di\u00e1kk\u00f6zpont\u00fa oktat\u00e1si rendszerhez. A tanul\u00f3i stat\u00fatum teljes eg\u00e9sz\u00e9ben tanul\u00f3i kezdem\u00e9nyez\u00e9s, amelynek tartalm\u00e1t az Orsz\u00e1gos Di\u00e1ktan\u00e1cs 2015 december\u00e9ben Hunyadmegy\u00e9ben tartott k\u00f6zgy\u0171l\u00e9s\u00e9n vitatt\u00e1k meg \u00e9s szavazt\u00e1k meg.<\/p><p>Sok \u00f3r\u00e1nyi t\u00e1rgyal\u00e1s, az egyetem el\u0151tti oktat\u00e1si rendszer sz\u00e1mos \u00e9rdekeltj\u00e9nek nyom\u00e1sa, t\u00f6bb megvitatott m\u00f3dos\u00edt\u00e1s \u00e9s \u00e1lland\u00f3 csat\u00e1roz\u00e1sok ut\u00e1n, amelyekben a di\u00e1kok v\u00e9lem\u00e9ny\u00e9t l\u00e9nyegtelennek tartott\u00e1k, a dokumentumot 2016. augusztus 23-\u00e1n fogadta el Rom\u00e1nia Hivatalos K\u00f6zl\u00f6ny\u00e9nek I. r\u00e9sze, \u00e9s 30 nappal k\u00e9s\u0151bb, 2016. szeptember 22-\u00e9n l\u00e9pett hat\u00e1lyba.<\/p><\/div><\/div><\/div><\/div><\/div><\/div><\/div><\/div><\/div><\/div><\/div><\/li><\/ul>\n\t\t<\/div>\n\t\t\t\t<\/div>\n\t\t\t\t\t<\/div>\n\t\t<\/div>\n\t\t\t\t\t<\/div>\n\t\t<\/section>\n\t\t\t\t<section class=\"elementor-section elementor-top-section elementor-element elementor-element-731e45b elementor-section-boxed elementor-section-height-default elementor-section-height-default\" data-id=\"731e45b\" data-element_type=\"section\">\n\t\t\t\t\t\t<div class=\"elementor-container elementor-column-gap-default\">\n\t\t\t\t\t<div class=\"elementor-column elementor-col-100 elementor-top-column elementor-element elementor-element-5f2ea1d\" data-id=\"5f2ea1d\" data-element_type=\"column\">\n\t\t\t<div class=\"elementor-widget-wrap elementor-element-populated\">\n\t\t\t\t\t\t<div class=\"elementor-element elementor-element-15ac863 elementor-widget-divider--view-line elementor-widget elementor-widget-divider\" data-id=\"15ac863\" data-element_type=\"widget\" data-widget_type=\"divider.default\">\n\t\t\t\t<div class=\"elementor-widget-container\">\n\t\t\t\t\t<div class=\"elementor-divider\">\n\t\t\t<span class=\"elementor-divider-separator\">\n\t\t\t\t\t\t<\/span>\n\t\t<\/div>\n\t\t\t\t<\/div>\n\t\t\t\t<\/div>\n\t\t\t\t<div class=\"elementor-element elementor-element-71f7860 elementor-view-default elementor-widget elementor-widget-icon\" data-id=\"71f7860\" data-element_type=\"widget\" data-widget_type=\"icon.default\">\n\t\t\t\t<div class=\"elementor-widget-container\">\n\t\t\t\t\t<div class=\"elementor-icon-wrapper\">\n\t\t\t<div class=\"elementor-icon\">\n\t\t\t<i aria-hidden=\"true\" class=\"fas fa-handshake\"><\/i>\t\t\t<\/div>\n\t\t<\/div>\n\t\t\t\t<\/div>\n\t\t\t\t<\/div>\n\t\t\t\t<div class=\"elementor-element elementor-element-e048319 elementor-widget elementor-widget-text-editor\" data-id=\"e048319\" data-element_type=\"widget\" data-widget_type=\"text-editor.default\">\n\t\t\t\t<div class=\"elementor-widget-container\">\n\t\t\t\t\t\t\t<h2 style=\"text-align: center;\" class=\" translation-block\">Cu cine <span class=\"themecolor\">colabor\u0103m<\/span>?<\/h2>\t\t\t\t\t\t<\/div>\n\t\t\t\t<\/div>\n\t\t\t\t\t<\/div>\n\t\t<\/div>\n\t\t\t\t\t<\/div>\n\t\t<\/section>\n\t\t\t\t<section class=\"elementor-section elementor-top-section elementor-element elementor-element-e14010e elementor-section-full_width elementor-section-height-default elementor-section-height-default\" data-id=\"e14010e\" data-element_type=\"section\">\n\t\t\t\t\t\t<div class=\"elementor-container elementor-column-gap-default\">\n\t\t\t\t\t<div class=\"elementor-column elementor-col-100 elementor-top-column elementor-element elementor-element-e0ce465\" data-id=\"e0ce465\" data-element_type=\"column\">\n\t\t\t<div class=\"elementor-widget-wrap elementor-element-populated\">\n\t\t\t\t\t\t<div class=\"elementor-element elementor-element-849e749 elementor-pagination-position-inside elementor-skin-carousel elementor-arrows-yes elementor-pagination-type-bullets elementor-widget elementor-widget-media-carousel\" data-id=\"849e749\" data-element_type=\"widget\" data-settings=\"{&quot;slides_per_view_mobile&quot;:&quot;1&quot;,&quot;slides_to_scroll_mobile&quot;:&quot;1&quot;,&quot;slides_per_view&quot;:&quot;1&quot;,&quot;skin&quot;:&quot;carousel&quot;,&quot;effect&quot;:&quot;slide&quot;,&quot;show_arrows&quot;:&quot;yes&quot;,&quot;pagination&quot;:&quot;bullets&quot;,&quot;speed&quot;:500,&quot;autoplay&quot;:&quot;yes&quot;,&quot;autoplay_speed&quot;:5000,&quot;loop&quot;:&quot;yes&quot;,&quot;pause_on_hover&quot;:&quot;yes&quot;,&quot;pause_on_interaction&quot;:&quot;yes&quot;,&quot;space_between&quot;:{&quot;unit&quot;:&quot;px&quot;,&quot;size&quot;:10,&quot;sizes&quot;:[]},&quot;space_between_tablet&quot;:{&quot;unit&quot;:&quot;px&quot;,&quot;size&quot;:10,&quot;sizes&quot;:[]},&quot;space_between_mobile&quot;:{&quot;unit&quot;:&quot;px&quot;,&quot;size&quot;:10,&quot;sizes&quot;:[]}}\" data-widget_type=\"media-carousel.default\">\n\t\t\t\t<div class=\"elementor-widget-container\">\n\t\t\t\t\t<div class=\"elementor-swiper\">\n\t\t\t<div class=\"elementor-main-swiper swiper\">\n\t\t\t\t<div class=\"swiper-wrapper\">\n\t\t\t\t\t\t\t\t\t\t\t<div class=\"swiper-slide\">\n\t\t\t\t\t\t\t<a href=\"https:\/\/www.obessu.org\/\">\t\t<div class=\"elementor-carousel-image\" role=\"img\" aria-label=\"obessu\" style=\"background-image: url(&#039;https:\/\/consiliulelevilor.ro\/wp-content\/uploads\/2021\/02\/obessu.jpg&#039;)\">\n\n\t\t\t\n\t\t\t\t\t<\/div>\n\t\t<\/a>\t\t\t\t\t\t<\/div>\n\t\t\t\t\t\t\t\t\t\t\t<div class=\"swiper-slide\">\n\t\t\t\t\t\t\t<a href=\"https:\/\/www.anosr.ro\/\">\t\t<div class=\"elementor-carousel-image\" role=\"img\" aria-label=\"Logo_ANOSR\" style=\"background-image: url(&#039;https:\/\/consiliulelevilor.ro\/wp-content\/uploads\/2024\/11\/Logo_ANOSR.png&#039;)\">\n\n\t\t\t\n\t\t\t\t\t<\/div>\n\t\t<\/a>\t\t\t\t\t\t<\/div>\n\t\t\t\t\t\t\t\t\t\t\t<div class=\"swiper-slide\">\n\t\t\t\t\t\t\t<a href=\"https:\/\/ctr.ro\/en\/homepage\/\">\t\t<div class=\"elementor-carousel-image\" role=\"img\" aria-label=\"CTR2\" style=\"background-image: url(&#039;https:\/\/consiliulelevilor.ro\/wp-content\/uploads\/2024\/11\/CTR2-1.png&#039;)\">\n\n\t\t\t\n\t\t\t\t\t<\/div>\n\t\t<\/a>\t\t\t\t\t\t<\/div>\n\t\t\t\t\t\t\t\t\t\t\t<div class=\"swiper-slide\">\n\t\t\t\t\t\t\t<a href=\"https:\/\/makosz.ro\/\">\t\t<div class=\"elementor-carousel-image\" role=\"img\" aria-label=\"makosz\" style=\"background-image: url(&#039;https:\/\/consiliulelevilor.ro\/wp-content\/uploads\/2021\/02\/makosz.jpg&#039;)\">\n\n\t\t\t\n\t\t\t\t\t<\/div>\n\t\t<\/a>\t\t\t\t\t\t<\/div>\n\t\t\t\t\t\t\t\t\t\t\t<div class=\"swiper-slide\">\n\t\t\t\t\t\t\t<a href=\"https:\/\/worldvision.ro\/\">\t\t<div class=\"elementor-carousel-image\" role=\"img\" aria-label=\"worldvision\" style=\"background-image: url(&#039;https:\/\/consiliulelevilor.ro\/wp-content\/uploads\/2021\/02\/worldvision.png&#039;)\">\n\n\t\t\t\n\t\t\t\t\t<\/div>\n\t\t<\/a>\t\t\t\t\t\t<\/div>\n\t\t\t\t\t\t\t\t\t<\/div>\n\t\t\t\t\t\t\t\t\t\t\t\t\t\t\t<div class=\"swiper-pagination\"><\/div>\n\t\t\t\t\t\t\t\t\t\t\t\t\t\t\t\t<div class=\"elementor-swiper-button elementor-swiper-button-prev\" role=\"button\" tabindex=\"0\">\n\t\t\t\t\t\t\t<i aria-hidden=\"true\" class=\"eicon-chevron-left\"><\/i>\t\t\t\t\t\t\t<span class=\"elementor-screen-only\">Previous<\/span>\n\t\t\t\t\t\t<\/div>\n\t\t\t\t\t\t<div class=\"elementor-swiper-button elementor-swiper-button-next\" role=\"button\" tabindex=\"0\">\n\t\t\t\t\t\t\t<i aria-hidden=\"true\" class=\"eicon-chevron-right\"><\/i>\t\t\t\t\t\t\t<span class=\"elementor-screen-only\">Next<\/span>\n\t\t\t\t\t\t<\/div>\n\t\t\t\t\t\t\t\t\t\t\t\t<\/div>\n\t\t<\/div>\n\t\t\t\t<\/div>\n\t\t\t\t<\/div>\n\t\t\t\t\t<\/div>\n\t\t<\/div>\n\t\t\t\t\t<\/div>\n\t\t<\/section>\n\t\t\t\t<\/div>","protected":false},"excerpt":{"rendered":"<p>F\u0103 cuno\u0219tin\u021b\u0103 cu noi! Cum a \u00eenceput totul?Istoria, chiar dac\u0103 invoc\u0103 momente apuse, insufl\u0103 via\u021b\u0103 \u0219i o istorie bogat\u0103 pe fundamentul unui prezent roditor. Astfel, povestea<span class=\"excerpt-hellip\"> [\u2026]<\/span><\/p>","protected":false},"author":3,"featured_media":0,"parent":0,"menu_order":0,"comment_status":"closed","ping_status":"closed","template":"","meta":{"_acf_changed":false,"footnotes":""},"class_list":["post-52","page","type-page","status-publish","hentry"],"acf":[],"_links":{"self":[{"href":"https:\/\/consiliulelevilor.ro\/hu\/wp-json\/wp\/v2\/pages\/52","targetHints":{"allow":["GET"]}}],"collection":[{"href":"https:\/\/consiliulelevilor.ro\/hu\/wp-json\/wp\/v2\/pages"}],"about":[{"href":"https:\/\/consiliulelevilor.ro\/hu\/wp-json\/wp\/v2\/types\/page"}],"author":[{"embeddable":true,"href":"https:\/\/consiliulelevilor.ro\/hu\/wp-json\/wp\/v2\/users\/3"}],"replies":[{"embeddable":true,"href":"https:\/\/consiliulelevilor.ro\/hu\/wp-json\/wp\/v2\/comments?post=52"}],"version-history":[{"count":360,"href":"https:\/\/consiliulelevilor.ro\/hu\/wp-json\/wp\/v2\/pages\/52\/revisions"}],"predecessor-version":[{"id":2620,"href":"https:\/\/consiliulelevilor.ro\/hu\/wp-json\/wp\/v2\/pages\/52\/revisions\/2620"}],"wp:attachment":[{"href":"https:\/\/consiliulelevilor.ro\/hu\/wp-json\/wp\/v2\/media?parent=52"}],"curies":[{"name":"wp","href":"https:\/\/api.w.org\/{rel}","templated":true}]}}